{"id":20,"date":"2015-08-07T04:31:21","date_gmt":"2015-08-07T04:31:21","guid":{"rendered":"http:\/\/templatesden.com\/demos\/julia\/?page_id=15"},"modified":"2023-02-20T15:19:14","modified_gmt":"2023-02-20T20:19:14","slug":"acerca-de","status":"publish","type":"page","link":"https:\/\/www.informamodels.com\/web\/acerca-de\/","title":{"rendered":"Acerca de"},"content":{"rendered":"<div id=\"pl-20\"  class=\"panel-layout\" ><div id=\"pg-20-0\"  class=\"panel-grid panel-has-style\" ><div class=\"panel-row-style panel-row-style-for-20-0\" ><div id=\"pgc-20-0-0\"  class=\"panel-grid-cell\" ><div id=\"panel-20-0-0-0\" class=\"so-panel widget widget_kaya-custom-title panel-first-child\" data-index=\"0\" ><style>.custom_title_62 .title_seperator::after{ border-color:#b9b9b9!important;}<\/style><div class=\" custom_title_wrapper custom_title_62\"><div class=\"custom_title_center\"><h2 class=\"title_style1\" style=\" letter-spacing:2px; font-weight:bold; font-style:normal; font-size:30px; line-height:42px; text-align:center; color:#333333!important;\">QUIENES SOMOS<span class=\"title_seperator\" style=\"background-color:#b9b9b9; margin:0px auto;\"><\/span><\/h2><p style=\"margin-bottom:0px; font-size:17px;  line-height:31px; font-weight:normal; letter-spacing:1px; font-style:normal; text-align:center; color:#787878!important;\">Somos una empresa dedicada a la b\u00fasqueda, promoci\u00f3n de modelos y talentos con fines publicitarios y la extensi\u00f3n de sus servicios a proyectos de moda, campa\u00f1as, pasarelas, eventos y marcas.<\/p><\/div><\/div>\t\t<div class=\"clear\"> <\/div>\r\n\t\t<\/div><div id=\"panel-20-0-0-1\" class=\"so-panel widget widget_sow-editor panel-last-child\" data-index=\"1\" ><div\n\t\t\t\n\t\t\tclass=\"so-widget-sow-editor so-widget-sow-editor-base\"\n\t\t\t\n\t\t>\n<div class=\"siteorigin-widget-tinymce textwidget\">\n\t<p style=\"text-align: center;\">Nuestra empresa naci\u00f3 en<strong> 1987<\/strong> en la ciudad de <strong>Medell\u00edn<\/strong>, con un objetivo \u00fanico \u201cdescubrir talentos\u201d.<\/p>\n<p style=\"text-align: center;\">Dos mujeres creativas, <strong>Chacha Posada<\/strong> y <strong>Margarita G\u00f3mez<\/strong>, imaginaron bellos rostros para que fueran la imagen de las campa\u00f1as publicitarias de las empresas del pa\u00eds, fue as\u00ed como, en la cima de sus carreras como modelos y culminando sus estudios universitarios, Dise\u00f1o Industrial y Filosof\u00eda respectivamente, con alma empresarial, decidieron abandonar sus rumbos y crear la agencia de modelos <strong>INformamodels.<\/strong><\/p>\n<p style=\"text-align: center;\">Despu\u00e9s de 33 intensos a\u00f1os y llenos de an\u00e9cdotas, los resultados hablan por s\u00ed solos: 15 Top Models, 106 modelos representados y 3.000 modelos de archivo, que hacen parte del Book que presentamos a nuestros clientes.<\/p>\n<\/div>\n<\/div><\/div><\/div><\/div><\/div><div id=\"pg-20-1\"  class=\"panel-grid panel-no-style\" ><div id=\"pgc-20-1-0\"  class=\"panel-grid-cell\" ><div id=\"panel-20-1-0-0\" class=\"so-panel widget widget_kaya-image-with-title panel-first-child panel-last-child\" data-index=\"2\" ><div class=\"image_box_wrapper image_title_wrapper image_inside_border_title\"><span class=\"image_title_border\" style=\"border-color:#ffffff\"> <\/span><span class=\"image_Vertical_title\" style=\"background-color:#ffffff; color:#333333; font-size:18px; font-style:normal; font-weight:normal; letter-spacing:0px;\">VISI\u00d3N<\/span><img loading=\"lazy\" decoding=\"async\" src=\"http:\/\/www.informamodels.com\/web\/wp-content\/uploads\/2023\/02\/07-800x1000_t.jpg\" srcset=\"http:\/\/www.informamodels.com\/web\/wp-content\/uploads\/2023\/02\/07-800x1000_t.jpg 768w, http:\/\/www.informamodels.com\/web\/wp-content\/uploads\/2023\/02\/07-480x400_t.jpg 480w, http:\/\/www.informamodels.com\/web\/wp-content\/uploads\/2023\/02\/07-320x400_t.jpg 320w\" sizes=\"(max-width: 500px) 100vw, 500px\" class=\"\" alt=\"\" width=\"800\" height=\"1000\" \/><div class=\"image_description_wrapper\" style=\"background-color:#ffffff;\"><div class=\"title_description_wrapper\"><h3 style=\"color:#333333; font-size:22px; font-style:normal; font-weight:normal; letter-spacing:1px;\">VISI\u00d3N<\/h3><p style=\"color:#a0a0a0; font-size:15px; font-style:normal; font-weight:normal; letter-spacing:0px;\">Ser la Agencia l\u00edder y  profesional en Colombia, comprometida en la promoci\u00f3n de modelos y producci\u00f3n de eventos para el sector publicitario y moda a nivel nacional e internacional<\/p><\/div><\/div><\/div><\/div><\/div><div id=\"pgc-20-1-1\"  class=\"panel-grid-cell\" ><div id=\"panel-20-1-1-0\" class=\"so-panel widget widget_kaya-image-with-title panel-first-child panel-last-child\" data-index=\"3\" ><div class=\"image_box_wrapper image_title_wrapper image_inside_border_title\"><span class=\"image_title_border\" style=\"border-color:#ffffff\"> <\/span><span class=\"image_Vertical_title\" style=\"background-color:#ffffff; color:#333333; font-size:18px; font-style:normal; font-weight:normal; letter-spacing:0px;\">MISI\u00d3N<\/span><img loading=\"lazy\" decoding=\"async\" src=\"http:\/\/www.informamodels.com\/web\/wp-content\/uploads\/2023\/02\/12-2-800x1000_t.jpg\" srcset=\"http:\/\/www.informamodels.com\/web\/wp-content\/uploads\/2023\/02\/12-2-800x1000_t.jpg 768w, http:\/\/www.informamodels.com\/web\/wp-content\/uploads\/2023\/02\/12-2-480x400_t.jpg 480w, http:\/\/www.informamodels.com\/web\/wp-content\/uploads\/2023\/02\/12-2-320x400_t.jpg 320w\" sizes=\"(max-width: 500px) 100vw, 500px\" class=\"\" alt=\"\" width=\"800\" height=\"1000\" \/><div class=\"image_description_wrapper\" style=\"background-color:#ffffff;\"><div class=\"title_description_wrapper\"><h3 style=\"color:#333333; font-size:22px; font-style:normal; font-weight:normal; letter-spacing:1px;\">MISI\u00d3N<\/h3><p style=\"color:#a0a0a0; font-size:15px; font-style:normal; font-weight:normal; letter-spacing:0px;\">Ser la Agencia  prestadora de servicios de modelos m\u00e1s reconocida en Colombia, que cuenta con un selecto grupo de modelos profesionales con edades y caracter\u00edsticas f\u00edsicas comerciales y particulares para suplir las exigencias del mercado a trav\u00e9s de diferentes campa\u00f1as publicitarias y servicios de producci\u00f3n de eventos donde congrega tambi\u00e9n la contrataci\u00f3n de proveedores del sector moda.<\/p><\/div><\/div><\/div><\/div><\/div><div id=\"pgc-20-1-2\"  class=\"panel-grid-cell\" ><div id=\"panel-20-1-2-0\" class=\"so-panel widget widget_kaya-image-with-title panel-first-child panel-last-child\" data-index=\"4\" ><div class=\"image_box_wrapper image_title_wrapper image_inside_border_title\"><span class=\"image_title_border\" style=\"border-color:#ffffff\"> <\/span><span class=\"image_Vertical_title\" style=\"background-color:#ffffff; color:#333333; font-size:18px; font-style:normal; font-weight:normal; letter-spacing:0px;\">FILOSOF\u00cdA<\/span><img loading=\"lazy\" decoding=\"async\" src=\"http:\/\/www.informamodels.com\/web\/wp-content\/uploads\/2023\/02\/0-7-800x1000_t.jpg\" srcset=\"http:\/\/www.informamodels.com\/web\/wp-content\/uploads\/2023\/02\/0-7-800x1000_t.jpg 768w, http:\/\/www.informamodels.com\/web\/wp-content\/uploads\/2023\/02\/0-7-480x400_t.jpg 480w, http:\/\/www.informamodels.com\/web\/wp-content\/uploads\/2023\/02\/0-7-320x400_t.jpg 320w\" sizes=\"(max-width: 500px) 100vw, 500px\" class=\"\" alt=\"\" width=\"800\" height=\"1000\" \/><div class=\"image_description_wrapper\" style=\"background-color:#ffffff;\"><div class=\"title_description_wrapper\"><h3 style=\"color:#333333; font-size:22px; font-style:normal; font-weight:normal; letter-spacing:1px;\">FILOSOF\u00cdA<\/h3><p style=\"color:#a0a0a0; font-size:15px; font-style:normal; font-weight:normal; letter-spacing:0px;\">Satisfacer las necesidades de los clientes, brind\u00e1ndoles un servicio integral, \u00e1gil y profesional que les permita cumplir con sus objetivos, proyectos e ideas exitosamente. <\/p><\/div><\/div><\/div><\/div><\/div><div id=\"pgc-20-1-3\"  class=\"panel-grid-cell\" ><div id=\"panel-20-1-3-0\" class=\"so-panel widget widget_kaya-image-with-title panel-first-child panel-last-child\" data-index=\"5\" ><div class=\"image_box_wrapper image_title_wrapper image_inside_border_title\"><span class=\"image_title_border\" style=\"border-color:#ffffff\"> <\/span><span class=\"image_Vertical_title\" style=\"background-color:#ffffff; color:#333333; font-size:18px; font-style:normal; font-weight:normal; letter-spacing:0px;\">VALORES<\/span><img loading=\"lazy\" decoding=\"async\" src=\"http:\/\/www.informamodels.com\/web\/wp-content\/uploads\/2023\/02\/6-2-1-scaled-800x1000_t.jpg\" srcset=\"http:\/\/www.informamodels.com\/web\/wp-content\/uploads\/2023\/02\/6-2-1-scaled-800x1000_t.jpg 768w, http:\/\/www.informamodels.com\/web\/wp-content\/uploads\/2023\/02\/6-2-1-scaled-480x400_t.jpg 480w, http:\/\/www.informamodels.com\/web\/wp-content\/uploads\/2023\/02\/6-2-1-scaled-320x400_t.jpg 320w\" sizes=\"(max-width: 500px) 100vw, 500px\" class=\"\" alt=\"\" width=\"800\" height=\"1000\" \/><div class=\"image_description_wrapper\" style=\"background-color:#ffffff;\"><div class=\"title_description_wrapper\"><h3 style=\"color:#333333; font-size:22px; font-style:normal; font-weight:normal; letter-spacing:1px;\">VALORES<\/h3><p style=\"color:#a0a0a0; font-size:15px; font-style:normal; font-weight:normal; letter-spacing:0px;\">La interdisciplinariedad como un proceso creativo donde la Agencia comparte diferentes par\u00e1metros organizacionales a la altura de las m\u00e1s importantes Agencias del Mundo con sello propio  inculcando a todos los integrantes de la misma el sentido de compromiso y disciplina como valor para alcanzar el \u00e9xito.<\/p><\/div><\/div><\/div><\/div><\/div><\/div><div id=\"pg-20-2\"  class=\"panel-grid panel-no-style\" ><div id=\"pgc-20-2-0\"  class=\"panel-grid-cell\" ><div id=\"panel-20-2-0-0\" class=\"so-panel widget widget_kaya-custom-title panel-first-child panel-last-child\" data-index=\"6\" ><style>.custom_title_64 .title_seperator::after{ border-color:#b9b9b9!important;}<\/style><div class=\" custom_title_wrapper custom_title_64\"><div class=\"custom_title_center\"><h2 class=\"title_style1\" style=\" letter-spacing:2px; font-weight:bold; font-style:normal; font-size:30px; line-height:42px; text-align:center; color:#333333!important;\">VALORES<span class=\"title_seperator\" style=\"background-color:#b9b9b9; margin:0px auto;\"><\/span><\/h2><\/div><\/div>\t\t<div class=\"clear\"> <\/div>\r\n\t\t<\/div><\/div><\/div><div id=\"pg-20-3\"  class=\"panel-grid panel-no-style\" ><div id=\"pgc-20-3-0\"  class=\"panel-grid-cell\" ><div id=\"panel-20-3-0-0\" class=\"so-panel widget widget_sow-editor panel-first-child panel-last-child\" data-index=\"7\" ><div class=\"panel-widget-style panel-widget-style-for-20-3-0-0\" ><div\n\t\t\t\n\t\t\tclass=\"so-widget-sow-editor so-widget-sow-editor-base\"\n\t\t\t\n\t\t>\n<div class=\"siteorigin-widget-tinymce textwidget\">\n\t<p style=\"text-align: center;\"><strong>Sentido de pertenencia<\/strong><\/p>\n<p style=\"text-align: center;\">Brinda a su talento humano, compuesto por sus empleados de planta y sus modelos, un ambiente de trabajo agradable para que todos sepan que son parte importante de la Agencia. De igual \u00a0manera, el talento humano procurar\u00e1\u00a0 apropiarse de la cultura de cuidado de las instalaciones f\u00edsicas de la agencia, ayudando as\u00ed a que todos nos se sientan orgullosos de pertenecer a ella.<\/p>\n<p style=\"text-align: center;\"><strong>Calidad humana<\/strong><\/p>\n<p style=\"text-align: center;\">Respeta la individualidad y desarrollo personal sin rango de sexo o clase social valorando el ser y capacidades intelectuales. Destacando que toda persona merece un excelente respeto y atenci\u00f3n, por tal raz\u00f3n, siempre se le brindar\u00e1 informaci\u00f3n a quien la requiera.<\/p>\n<p style=\"text-align: center;\"><strong>Compromiso<\/strong><\/p>\n<p style=\"text-align: center;\">Fomenta\u00a0 la entrega profesional a su labor en la empresa, apreciando siempre lo que hace y desarrollando adecuadamente todos los proyectos de la mano de todo su equipo de trabajo.<\/p>\n<p style=\"text-align: center;\">\n<\/div>\n<\/div><\/div><\/div><\/div><div id=\"pgc-20-3-1\"  class=\"panel-grid-cell\" ><div id=\"panel-20-3-1-0\" class=\"so-panel widget widget_sow-editor panel-first-child panel-last-child\" data-index=\"8\" ><div class=\"panel-widget-style panel-widget-style-for-20-3-1-0\" ><div\n\t\t\t\n\t\t\tclass=\"so-widget-sow-editor so-widget-sow-editor-base\"\n\t\t\t\n\t\t>\n<div class=\"siteorigin-widget-tinymce textwidget\">\n\t<p style=\"text-align: center;\"><strong>Flexibilidad<\/strong><\/p>\n<p style=\"text-align: center;\">Esta siempre atenta y\u00a0 preparada para los cambios que se puedan presentar dentro de la empresa y en el entorno para adaptarse r\u00e1pidamente a ellos.<\/p>\n<p style=\"text-align: center;\"><strong>Apoyo<\/strong><\/p>\n<p style=\"text-align: center;\">Respalda a los que conforman la organizaci\u00f3n, de tal manera que se sientan en libertad de expresar ideas novedosas y creativas que aporten al funcionamiento de INformamodels.<\/p>\n<p style=\"text-align: center;\"><strong>Aporte Social<\/strong><\/p>\n<p style=\"text-align: center;\">Dentro de su filosof\u00eda est\u00e1 el Balance Social y es ayudar a personas menos favorecidas por medias pasarelas beneficencia que permitan multiplicar sonrisas con el aporte del talento de la Agencia a trav\u00e9s de su Staff de Modelos y Productores de Moda.<\/p>\n<p style=\"text-align: center;\"><strong>Honestidad<\/strong><\/p>\n<p style=\"text-align: center;\">Promueve la lealtad con empresa, clientes y proveedores como base del crecimiento empresarial.<\/p>\n<\/div>\n<\/div><\/div><\/div><\/div><\/div><div id=\"pg-20-4\"  class=\"panel-grid panel-no-style\" ><div id=\"pgc-20-4-0\"  class=\"panel-grid-cell\" ><div id=\"panel-20-4-0-0\" class=\"so-panel widget widget_kaya-custom-title panel-first-child\" data-index=\"9\" ><style>.custom_title_30 .title_seperator::after{ border-color:#b9b9b9!important;}<\/style><div class=\" custom_title_wrapper custom_title_30\"><div class=\"custom_title_center\"><h2 class=\"title_style1\" style=\" letter-spacing:2px; font-weight:bold; font-style:normal; font-size:30px; line-height:42px; text-align:center; color:#333333!important;\">NUESTROS CLIENTES<span class=\"title_seperator\" style=\"background-color:#b9b9b9; margin:0px auto;\"><\/span><\/h2><\/div><\/div>\t\t<div class=\"clear\"> <\/div>\r\n\t\t<\/div><div id=\"panel-20-4-0-1\" class=\"so-panel widget widget_sow-editor panel-last-child\" data-index=\"10\" ><div\n\t\t\t\n\t\t\tclass=\"so-widget-sow-editor so-widget-sow-editor-base\"\n\t\t\t\n\t\t>\n<div class=\"siteorigin-widget-tinymce textwidget\">\n\t<p style=\"text-align: center;\"><strong>INformamodels<\/strong> se ha consolidado, a lo largo de su existencia, como una empresa pujante, con experiencia; con la premisa que hacen de cada evento que se produce, de cada modelo que se muestre y de cada casting que se realice, sea el mejor. D\u00eda a d\u00eda<strong> INformamodels<\/strong> se preocupa por satisfacer al cliente mostr\u00e1ndole el Book de modelos, para que sea \u00e9ste quien escoja y el que cumpla con las caracter\u00edsticas espec\u00edficas que necesita\u00a0 quedando satisfecho con la elecci\u00f3n.<\/p>\n<p style=\"text-align: center;\">Durante todo este tiempo de trabajo, <strong>INformamodels<\/strong> ha tenido como clientes a varias empresas y marcas reconocidas de nuestro pa\u00eds que creen en nosotros como:<br \/>\nInexmoda, Empresas Varias de Medell\u00edn, Esso, Movistar, Orbitel, Chevignon, Punto Blanco, Ebel, Jhonson &amp; Jhonson, Yambal, Avon, Almacenes \u00c9xito, Carulla, Tania, Colgate-Palmolive, Alianza Summa, Ragged, Joyer\u00eda Intercontinental, Leonisa, Unlimited y Noel, entre otras. As\u00ed como tambi\u00e9n hemos trabajado con varios Dise\u00f1adores de talla nacional e internacional como: Argemiro Sierra, Carlos Pinel, Silvia Tcherassi, Oscar de la Renta, Eulalia Piedrahita, Francesca Miranda, Pepa Pombo, Laura Valenzuela, Bettina Spitz, Amelia Toro, Juan Diego Mart\u00ednez y los nuevos talentos de la moda, Mar\u00eda Adelaida Penagos, Carolina Bernal e Isabel Henao.<\/p>\n<p style=\"text-align: center;\">Resaltando que los clientes son el motor que hace que el esfuerzo y la dedicaci\u00f3n hagan parte de su diario vivir.<br \/>\nPara ellos y por ellos seguiremos dando lo mejor.<\/p>\n<\/div>\n<\/div><\/div><\/div><\/div><div id=\"pg-20-5\"  class=\"panel-grid panel-has-style\" ><div class=\"panel-row-style panel-row-style-for-20-5\" ><div id=\"pgc-20-5-0\"  class=\"panel-grid-cell\" ><div id=\"panel-20-5-0-0\" class=\"so-panel widget widget_kaya-custom-title panel-first-child\" data-index=\"11\" ><div class=\"panel-widget-style panel-widget-style-for-20-5-0-0\" ><style>.custom_title_52 .title_seperator::after{ border-color:#b9b9b9!important;}<\/style><div class=\" custom_title_wrapper custom_title_52\"><div class=\"custom_title_center\"><h2 class=\"title_style1\" style=\" letter-spacing:2px; font-weight:bold; font-style:normal; font-size:30px; line-height:42px; text-align:center; color:#333333!important;\">TESTIMONIOS<span class=\"title_seperator\" style=\"background-color:#b9b9b9; margin:0px auto;\"><\/span><\/h2><\/div><\/div>\t\t<div class=\"clear\"> <\/div>\r\n\t\t<\/div><\/div><div id=\"panel-20-5-0-1\" class=\"so-panel widget widget_kaya-testimonials-slider panel-last-child\" data-index=\"12\" ><style type=\"text\/css\"> .testimonial_slider_wrapper_300 .slider_thumb_img.active{border-color:#ff3333!important;}<\/style><div class=\"slider_loading_img\" style=\"position:relative;\"> <\/div><div class=\" testimonial_slider_wrapper  testimonial_slider_wrapper_300\" data-columns=\"1\" data-autoplay=\"\" ><div class=\"thumbimg\"><div class=\"slider_thumb_img\" style=\"border-color:#eeeeee; width:6vmax; height:6vmax;\" data-active-border=\"#ff3333\"><a class=\"button secondary url\" href=\"#item1\"><img decoding=\"async\" src=\"https:\/\/www.informamodels.com\/web\/wp-content\/plugins\/kaya-julia-plugin\/images\/default_images\/portfolio-100x100_t.jpg\" alt=\"Lila Ochoa, Directora de la Revista Fucsia\" class=\"img-responsive\" \/><\/a><\/div><div class=\"slider_thumb_img\" style=\"border-color:#eeeeee; width:6vmax; height:6vmax;\" data-active-border=\"#ff3333\"><a class=\"button secondary url\" href=\"#item2\"><img decoding=\"async\" src=\"https:\/\/www.informamodels.com\/web\/wp-content\/plugins\/kaya-julia-plugin\/images\/default_images\/portfolio-100x100_t.jpg\" alt=\"Alicia Mej\u00eda\" class=\"img-responsive\" \/><\/a><\/div><div class=\"slider_thumb_img\" style=\"border-color:#eeeeee; width:6vmax; height:6vmax;\" data-active-border=\"#ff3333\"><a class=\"button secondary url\" href=\"#item3\"><img decoding=\"async\" src=\"https:\/\/www.informamodels.com\/web\/wp-content\/plugins\/kaya-julia-plugin\/images\/default_images\/portfolio-100x100_t.jpg\" alt=\"Silvia Tcherassi, Dise\u00f1adora de Moda en Colombia\" class=\"img-responsive\" \/><\/a><\/div><div class=\"slider_thumb_img\" style=\"border-color:#eeeeee; width:6vmax; height:6vmax;\" data-active-border=\"#ff3333\"><a class=\"button secondary url\" href=\"#item4\"><img decoding=\"async\" src=\"https:\/\/www.informamodels.com\/web\/wp-content\/plugins\/kaya-julia-plugin\/images\/default_images\/portfolio-100x100_t.jpg\" alt=\"Alvaro Uribe, Presidente De Colombia\" class=\"img-responsive\" \/><\/a><\/div><div class=\"slider_thumb_img\" style=\"border-color:#eeeeee; width:6vmax; height:6vmax;\" data-active-border=\"#ff3333\"><a class=\"button secondary url\" href=\"#item5\"><img decoding=\"async\" src=\"https:\/\/www.informamodels.com\/web\/wp-content\/plugins\/kaya-julia-plugin\/images\/default_images\/portfolio-100x100_t.jpg\" alt=\"Oscar de la Renta, Dise\u00f1ador de Moda\" class=\"img-responsive\" \/><\/a><\/div><\/div><div class=\"testimonial_slider_section\"><div class=\"testimonial_slider  testimonial-300\" data-hash=\"item1\"><p style=\"font-size:18px; font-style:normal; color:#787878;\">\"INforma Models produce las pasarelas donde se presentan las colecciones m\u00e1s espectaculares de los dise\u00f1adores colombianos\".\r\n<\/p><span style=\"background-color:#ff3333;\" class=\"desc_border_bottom\"><\/span><h3 style=\"color:#333333; font-size:20px; font-weight:bold; font-style:normal;\">Lila Ochoa, Directora de la Revista Fucsia<\/h3><span class=\"designation\" style=\"color:#333333; font-size:15px; letter-spacing:1px; font-style:normal; font-weight:normal;\">INforma models<\/span><\/div><div class=\"testimonial_slider  testimonial-300\" data-hash=\"item2\"><p style=\"font-size:18px; font-style:normal; color:#787878;\">\"INforma ha contribu\u00eddo a que todo el negocio de la cadena fibra-textil-confecci\u00f3n y canales de distribuci\u00f3n sea m\u00e1s competitivo. Es una compa\u00f1\u00eda seria que sabe hacer su trabajo\".<\/p><span style=\"background-color:#ff3333;\" class=\"desc_border_bottom\"><\/span><h3 style=\"color:#333333; font-size:20px; font-weight:bold; font-style:normal;\">Alicia Mej\u00eda<\/h3><span class=\"designation\" style=\"color:#333333; font-size:15px; letter-spacing:1px; font-style:normal; font-weight:normal;\">INforma models<\/span><\/div><div class=\"testimonial_slider  testimonial-300\" data-hash=\"item3\"><p style=\"font-size:18px; font-style:normal; color:#787878;\">\"Les entrego todos mis aprecios. Son amigas, colegas y productoras\".<\/p><span style=\"background-color:#ff3333;\" class=\"desc_border_bottom\"><\/span><h3 style=\"color:#333333; font-size:20px; font-weight:bold; font-style:normal;\">Silvia Tcherassi, Dise\u00f1adora de Moda en Colombia<\/h3><span class=\"designation\" style=\"color:#333333; font-size:15px; letter-spacing:1px; font-style:normal; font-weight:normal;\">INforma models<\/span><\/div><div class=\"testimonial_slider  testimonial-300\" data-hash=\"item4\"><p style=\"font-size:18px; font-style:normal; color:#787878;\">\"INforma: Chacha y Margarita son mis soldados del alma, son incansables\"<\/p><span style=\"background-color:#ff3333;\" class=\"desc_border_bottom\"><\/span><h3 style=\"color:#333333; font-size:20px; font-weight:bold; font-style:normal;\">Alvaro Uribe, Presidente De Colombia<\/h3><span class=\"designation\" style=\"color:#333333; font-size:15px; letter-spacing:1px; font-style:normal; font-weight:normal;\">INforma models<\/span><\/div><div class=\"testimonial_slider  testimonial-300\" data-hash=\"item5\"><p style=\"font-size:18px; font-style:normal; color:#787878;\">\"INforma models cuenta con la mejor estructura de vestier que me haya encontrado en el mundo\".<\/p><span style=\"background-color:#ff3333;\" class=\"desc_border_bottom\"><\/span><h3 style=\"color:#333333; font-size:20px; font-weight:bold; font-style:normal;\">Oscar de la Renta, Dise\u00f1ador de Moda<\/h3><span class=\"designation\" style=\"color:#333333; font-size:15px; letter-spacing:1px; font-style:normal; font-weight:normal;\">INforma models<\/span><\/div><\/div><\/div><\/div><\/div><\/div><\/div><\/div>","protected":false},"excerpt":{"rendered":"<p>Nuestra empresa naci\u00f3 en 1987 en la ciudad de Medell\u00edn, con un objetivo \u00fanico \u201cdescubrir talentos\u201d. Dos mujeres creativas, Chacha Posada y Margarita G\u00f3mez, imaginaron bellos rostros para que fueran la imagen de las campa\u00f1as publicitarias de las empresas del pa\u00eds, fue as\u00ed como, en la cima de sus carreras como modelos y culminando sus [&hellip;]<\/p>\n","protected":false},"author":1,"featured_media":0,"parent":0,"menu_order":0,"comment_status":"open","ping_status":"open","template":"templates\/template-fullwidth.php","meta":{"footnotes":""},"_links":{"self":[{"href":"https:\/\/www.informamodels.com\/web\/wp-json\/wp\/v2\/pages\/20"}],"collection":[{"href":"https:\/\/www.informamodels.com\/web\/wp-json\/wp\/v2\/pages"}],"about":[{"href":"https:\/\/www.informamodels.com\/web\/wp-json\/wp\/v2\/types\/page"}],"author":[{"embeddable":true,"href":"https:\/\/www.informamodels.com\/web\/wp-json\/wp\/v2\/users\/1"}],"replies":[{"embeddable":true,"href":"https:\/\/www.informamodels.com\/web\/wp-json\/wp\/v2\/comments?post=20"}],"version-history":[{"count":21,"href":"https:\/\/www.informamodels.com\/web\/wp-json\/wp\/v2\/pages\/20\/revisions"}],"predecessor-version":[{"id":44503,"href":"https:\/\/www.informamodels.com\/web\/wp-json\/wp\/v2\/pages\/20\/revisions\/44503"}],"wp:attachment":[{"href":"https:\/\/www.informamodels.com\/web\/wp-json\/wp\/v2\/media?parent=20"}],"curies":[{"name":"wp","href":"https:\/\/api.w.org\/{rel}","templated":true}]}}